{"id":1742,"date":"2020-07-16T13:08:48","date_gmt":"2020-07-16T11:08:48","guid":{"rendered":"https:\/\/marciorsrl.com\/produkte\/selbstfahrendes-dach\/"},"modified":"2023-08-24T15:53:48","modified_gmt":"2023-08-24T13:53:48","slug":"selbstfahrendes-dach","status":"publish","type":"page","link":"https:\/\/marciorsrl.com\/de\/produkte\/selbstfahrendes-dach\/","title":{"rendered":"Schienengef\u00fchrtes Dach"},"content":{"rendered":"\t\t<div data-elementor-type=\"wp-page\" data-elementor-id=\"1742\" class=\"elementor elementor-1742 elementor-918\" data-elementor-post-type=\"page\">\n\t\t\t\t\t\t<section class=\"elementor-section elementor-top-section elementor-element elementor-element-29d7f92 elementor-section-full_width elementor-section-stretched elementor-section-height-default elementor-section-height-default\" data-id=\"29d7f92\" data-element_type=\"section\" data-e-type=\"section\" data-settings=\"{&quot;background_background&quot;:&quot;classic&quot;,&quot;stretch_section&quot;:&quot;section-stretched&quot;}\">\n\t\t\t\t\t\t\t<div class=\"elementor-background-overlay\"><\/div>\n\t\t\t\t\t\t\t<div class=\"elementor-container elementor-column-gap-default\">\n\t\t\t\t\t<div class=\"elementor-column elementor-col-100 elementor-top-column elementor-element elementor-element-14ae37c elementor-invisible\" data-id=\"14ae37c\" data-element_type=\"column\" data-e-type=\"column\" data-settings=\"{&quot;animation&quot;:&quot;slideInUp&quot;}\">\n\t\t\t<div class=\"elementor-widget-wrap elementor-element-populated\">\n\t\t\t\t\t\t<div class=\"elementor-element elementor-element-3f7222e elementor-widget elementor-widget-heading\" data-id=\"3f7222e\" data-element_type=\"widget\" data-e-type=\"widget\" data-settings=\"{&quot;_animation&quot;:&quot;none&quot;}\" data-widget_type=\"heading.default\">\n\t\t\t\t<div class=\"elementor-widget-container\">\n\t\t\t\t\t<h1 class=\"elementor-heading-title elementor-size-default\">Installation des schienengef\u00fchrten Dachs f\u00fcr LKW- und Nutzfahzeugenshalterungen<\/h1>\t\t\t\t<\/div>\n\t\t\t\t<\/div>\n\t\t\t\t\t<\/div>\n\t\t<\/div>\n\t\t\t\t\t<\/div>\n\t\t<\/section>\n\t\t\t\t<section class=\"elementor-section elementor-top-section elementor-element elementor-element-6d64517 elementor-section-boxed elementor-section-height-default elementor-section-height-default\" data-id=\"6d64517\" data-element_type=\"section\" data-e-type=\"section\" data-settings=\"{&quot;background_background&quot;:&quot;classic&quot;}\">\n\t\t\t\t\t\t<div class=\"elementor-container elementor-column-gap-default\">\n\t\t\t\t\t<div class=\"elementor-column elementor-col-50 elementor-top-column elementor-element elementor-element-4abd32c elementor-invisible\" data-id=\"4abd32c\" data-element_type=\"column\" data-e-type=\"column\" data-settings=\"{&quot;animation&quot;:&quot;slideInUp&quot;}\">\n\t\t\t<div class=\"elementor-widget-wrap elementor-element-populated\">\n\t\t\t\t\t\t<div class=\"elementor-element elementor-element-98041aa elementor-widget elementor-widget-heading\" data-id=\"98041aa\" data-element_type=\"widget\" data-e-type=\"widget\" data-widget_type=\"heading.default\">\n\t\t\t\t<div class=\"elementor-widget-container\">\n\t\t\t\t\t<h2 class=\"elementor-heading-title elementor-size-default\"> Aufbau des schienengef\u00fchrten Dachs f\u00fcr Nutzfahzeugen<\/h2>\t\t\t\t<\/div>\n\t\t\t\t<\/div>\n\t\t\t\t<div class=\"elementor-element elementor-element-f30c4d2 elementor-widget elementor-widget-text-editor\" data-id=\"f30c4d2\" data-element_type=\"widget\" data-e-type=\"widget\" data-widget_type=\"text-editor.default\">\n\t\t\t\t<div class=\"elementor-widget-container\">\n\t\t\t\t\t\t\t\t\t<p>Mit der Aufbau des schienengef\u00fchrten Dachs k\u00f6nnen Sie mit dem System ein Gitter zum anderen bewegen und so den Raum \u00fcber der Karosserie um 2 Meter freigeben. Geeignet f\u00fcr Fahrzeuge mit einem hinteren Kabinenkran sowie zum Transport und Entladen von Baustoffen mit einem Kran. Dank dieser fortschrittlichen technologischen L\u00f6sung k\u00f6nnen wir durch die Installation an der Halterung Ihres Lastwagens alle Ladungsanforderungen erf\u00fcllen.<\/p>\n<p>Sehen Sie sich unser YouTube-Video an, um zu sehen, wie das \u00dcbersetzungsdach in Betrieb ist. Folgen Sie unserem <a href=\"https:\/\/www.youtube.com\/channel\/UCCM_dMCRkrHtcF-8YKCsxrw\">Kanal<\/a>, um die neuesten Erfolge unseres Teams nicht zu verpassen.<\/p>\n<p>Wenn Sie an der Konstruktion eines schienengef\u00fchrten Dachs f\u00fcr die Halterung Ihres LKW oder Nutzfahzeugen interessiert sind, <a href=\"https:\/\/marciorsrl.com\/contatti\/\">kontaktieren<\/a> Sie uns direkt unter unseren Kontaktsdaten.<\/p>\n\t\t\t\t\t\t\t\t<\/div>\n\t\t\t\t<\/div>\n\t\t\t\t<div class=\"elementor-element elementor-element-a130aae elementor-align-left elementor-widget elementor-widget-button\" data-id=\"a130aae\" data-element_type=\"widget\" data-e-type=\"widget\" data-widget_type=\"button.default\">\n\t\t\t\t<div class=\"elementor-widget-container\">\n\t\t\t\t\t\t\t\t\t<div class=\"elementor-button-wrapper\">\n\t\t\t\t\t<a class=\"elementor-button elementor-button-link elementor-size-md elementor-animation-grow\" href=\"https:\/\/marciorsrl.com\/de\/kontakte\/\">\n\t\t\t\t\t\t<span class=\"elementor-button-content-wrapper\">\n\t\t\t\t\t\t\t\t\t<span class=\"elementor-button-text\">Fordern Sie ein Angebot an<\/span>\n\t\t\t\t\t<\/span>\n\t\t\t\t\t<\/a>\n\t\t\t\t<\/div>\n\t\t\t\t\t\t\t\t<\/div>\n\t\t\t\t<\/div>\n\t\t\t\t\t<\/div>\n\t\t<\/div>\n\t\t\t\t<div class=\"elementor-column elementor-col-50 elementor-top-column elementor-element elementor-element-06465ff elementor-invisible\" data-id=\"06465ff\" data-element_type=\"column\" data-e-type=\"column\" data-settings=\"{&quot;animation&quot;:&quot;slideInUp&quot;,&quot;animation_delay&quot;:250}\">\n\t\t\t<div class=\"elementor-widget-wrap elementor-element-populated\">\n\t\t\t\t\t\t<div class=\"elementor-element elementor-element-e24f675 elementor-align-left elementor-mobile-align-center elementor-widget elementor-widget-breadcrumbs\" data-id=\"e24f675\" data-element_type=\"widget\" data-e-type=\"widget\" data-widget_type=\"breadcrumbs.default\">\n\t\t\t\t<div class=\"elementor-widget-container\">\n\t\t\t\t\t<p id=\"breadcrumbs\"><span><span><a href=\"https:\/\/marciorsrl.com\/de\/\">Home<\/a><\/span><\/span><\/p>\t\t\t\t<\/div>\n\t\t\t\t<\/div>\n\t\t\t\t<div class=\"elementor-element elementor-element-0795077 elementor-widget elementor-widget-video\" data-id=\"0795077\" data-element_type=\"widget\" data-e-type=\"widget\" data-settings=\"{&quot;youtube_url&quot;:&quot;https:\\\/\\\/youtu.be\\\/nGW9DkR3S6s&quot;,&quot;video_type&quot;:&quot;youtube&quot;,&quot;controls&quot;:&quot;yes&quot;}\" data-widget_type=\"video.default\">\n\t\t\t\t<div class=\"elementor-widget-container\">\n\t\t\t\t\t\t\t<div class=\"elementor-wrapper elementor-open-inline\">\n\t\t\t<div class=\"elementor-video\"><\/div>\t\t<\/div>\n\t\t\t\t\t\t<\/div>\n\t\t\t\t<\/div>\n\t\t\t\t\t<\/div>\n\t\t<\/div>\n\t\t\t\t\t<\/div>\n\t\t<\/section>\n\t\t\t\t<section class=\"elementor-section elementor-top-section elementor-element elementor-element-c5df645 elementor-section-boxed elementor-section-height-default elementor-section-height-default\" data-id=\"c5df645\" data-element_type=\"section\" data-e-type=\"section\">\n\t\t\t\t\t\t<div class=\"elementor-container elementor-column-gap-default\">\n\t\t\t\t\t<div class=\"elementor-column elementor-col-100 elementor-top-column elementor-element elementor-element-2f1dd6a\" data-id=\"2f1dd6a\" data-element_type=\"column\" data-e-type=\"column\">\n\t\t\t<div class=\"elementor-widget-wrap elementor-element-populated\">\n\t\t\t\t\t\t<div class=\"elementor-element elementor-element-74d6992f elementor-widget elementor-widget-heading\" data-id=\"74d6992f\" data-element_type=\"widget\" data-e-type=\"widget\" data-widget_type=\"heading.default\">\n\t\t\t\t<div class=\"elementor-widget-container\">\n\t\t\t\t\t<h3 class=\"elementor-heading-title elementor-size-default\">Erfahren Sie mehr \u00fcber Marcior - Einrichtung der Nutzfahzeugen<\/h3>\t\t\t\t<\/div>\n\t\t\t\t<\/div>\n\t\t\t\t<div class=\"elementor-element elementor-element-73c9339d elementor-widget elementor-widget-text-editor\" data-id=\"73c9339d\" data-element_type=\"widget\" data-e-type=\"widget\" data-widget_type=\"text-editor.default\">\n\t\t\t\t<div class=\"elementor-widget-container\">\n\t\t\t\t\t\t\t\t\t<p>Vertrauen Sie Marcior srl von Villafranca di Verona und seiner 30-j\u00e4hrigen Erfahrung in der industriellen Karosserie.<br \/>\nWir k\u00fcmmern uns um die Montage Ihrer LKW- oder Industriefahrzeugshalterungen. Wir erstellen ma\u00dfgeschneiderte automatisierte D\u00e4cher f\u00fcr Halterungen, Schaufehlen, Lieferwagen und mehr. Alles nach Kundenwunsch gefertigt.<\/p>\n<p>Wir informieren Sie auch dar\u00fcber, dass Marcior Srl &#8211; mit Hauptsitz in der Via Francia, 41 &#8211; 37069 Villafranca di Verona &#8211; Ihnen gerne mitteilt, dass es ab dem 01.10.2008 die EN 12642-XL | h\u00e4lt XL-Zertifizierung f\u00fcr 5 verschiedene Arten von festen und verstellbaren Halterungen. Erfahren Sie mehr \u00fcber die <a href=\"https:\/\/marciorsrl.com\/certificazione-xl\/\">XL-Zertifizierung<\/a>.<\/p>\n<p>Entdecken Sie alle <a href=\"https:\/\/marciorsrl.com\/prodotti\/\">unsere Produkte<\/a>, um alle anderen von uns angebotenen Dienstleistungen zu sehen, oder besuchen Sie unsere <a href=\"https:\/\/www.youtube.com\/channel\/UCCM_dMCRkrHtcF-8YKCsxrw\">YouTube-Seite<\/a>, um Videos unserer Umsetzungen anzusehen.<\/p>\n\t\t\t\t\t\t\t\t<\/div>\n\t\t\t\t<\/div>\n\t\t\t\t\t<\/div>\n\t\t<\/div>\n\t\t\t\t\t<\/div>\n\t\t<\/section>\n\t\t\t\t<\/div>\n\t\t","protected":false},"excerpt":{"rendered":"<p>Installation des schienengef\u00fchrten Dachs f\u00fcr LKW- und Nutzfahzeugenshalterungen Aufbau des schienengef\u00fchrten Dachs f\u00fcr Nutzfahzeugen Mit der Aufbau des schienengef\u00fchrten Dachs k\u00f6nnen Sie mit dem System ein Gitter zum anderen bewegen und so den Raum \u00fcber der Karosserie um 2 Meter freigeben. Geeignet f\u00fcr Fahrzeuge mit einem hinteren Kabinenkran sowie zum Transport und Entladen von Baustoffen [&hellip;]<\/p>\n","protected":false},"author":1,"featured_media":1618,"parent":1709,"menu_order":0,"comment_status":"closed","ping_status":"closed","template":"","meta":{"footnotes":""},"class_list":["post-1742","page","type-page","status-publish","has-post-thumbnail","hentry"],"yoast_head":"<!-- This site is optimized with the Yoast SEO plugin v27.0 - https:\/\/yoast.com\/product\/yoast-seo-wordpress\/ -->\n<title>Schienengef\u00fchrtes Dach f\u00fcr LKW- und Nutzfahzeugenshalterungen<\/title>\n<meta name=\"description\" content=\"Fahrzeuge mit schienengef\u00fchrtem Dach f\u00fcr Halterungen von LKWs. Wir statten Kraftfahrzeuge, Lastkraftwagen und industrielle Absetztcontainer mit der XL-Zertifizierung aus\" \/>\n<meta name=\"robots\" content=\"index, follow, max-snippet:-1, max-image-preview:large, max-video-preview:-1\" \/>\n<link rel=\"canonical\" href=\"https:\/\/marciorsrl.com\/de\/produkte\/selbstfahrendes-dach\/\" \/>\n<meta property=\"og:locale\" content=\"de_DE\" \/>\n<meta property=\"og:type\" content=\"article\" \/>\n<meta property=\"og:title\" content=\"Schienengef\u00fchrtes Dach f\u00fcr LKW- und Nutzfahzeugenshalterungen\" \/>\n<meta property=\"og:description\" content=\"Fahrzeuge mit schienengef\u00fchrtem Dach f\u00fcr Halterungen von LKWs. Wir statten Kraftfahrzeuge, Lastkraftwagen und industrielle Absetztcontainer mit der XL-Zertifizierung aus\" \/>\n<meta property=\"og:url\" content=\"https:\/\/marciorsrl.com\/de\/produkte\/selbstfahrendes-dach\/\" \/>\n<meta property=\"og:site_name\" content=\"Marcior Srl\" \/>\n<meta property=\"article:modified_time\" content=\"2023-08-24T13:53:48+00:00\" \/>\n<meta property=\"og:image\" content=\"https:\/\/marciorsrl.com\/wp-content\/uploads\/2020\/05\/Allestimento-tetto-traslante-per-centine-camion-e-veicoli-industriali.jpg\" \/>\n\t<meta property=\"og:image:width\" content=\"1133\" \/>\n\t<meta property=\"og:image:height\" content=\"631\" \/>\n\t<meta property=\"og:image:type\" content=\"image\/jpeg\" \/>\n<meta name=\"twitter:card\" content=\"summary_large_image\" \/>\n<meta name=\"twitter:label1\" content=\"Gesch\u00e4tzte Lesezeit\" \/>\n\t<meta name=\"twitter:data1\" content=\"1\u00a0Minute\" \/>\n<script type=\"application\/ld+json\" class=\"yoast-schema-graph\">{\"@context\":\"https:\/\/schema.org\",\"@graph\":[{\"@type\":\"WebPage\",\"@id\":\"https:\/\/marciorsrl.com\/de\/produkte\/selbstfahrendes-dach\/\",\"url\":\"https:\/\/marciorsrl.com\/de\/produkte\/selbstfahrendes-dach\/\",\"name\":\"Schienengef\u00fchrtes Dach f\u00fcr LKW- und Nutzfahzeugenshalterungen\",\"isPartOf\":{\"@id\":\"https:\/\/marciorsrl.com\/de\/#website\"},\"primaryImageOfPage\":{\"@id\":\"https:\/\/marciorsrl.com\/de\/produkte\/selbstfahrendes-dach\/#primaryimage\"},\"image\":{\"@id\":\"https:\/\/marciorsrl.com\/de\/produkte\/selbstfahrendes-dach\/#primaryimage\"},\"thumbnailUrl\":\"https:\/\/marciorsrl.com\/wp-content\/uploads\/2020\/05\/Allestimento-tetto-traslante-per-centine-camion-e-veicoli-industriali.jpg\",\"datePublished\":\"2020-07-16T11:08:48+00:00\",\"dateModified\":\"2023-08-24T13:53:48+00:00\",\"description\":\"Fahrzeuge mit schienengef\u00fchrtem Dach f\u00fcr Halterungen von LKWs. Wir statten Kraftfahrzeuge, Lastkraftwagen und industrielle Absetztcontainer mit der XL-Zertifizierung aus\",\"breadcrumb\":{\"@id\":\"https:\/\/marciorsrl.com\/de\/produkte\/selbstfahrendes-dach\/#breadcrumb\"},\"inLanguage\":\"de\",\"potentialAction\":[{\"@type\":\"ReadAction\",\"target\":[\"https:\/\/marciorsrl.com\/de\/produkte\/selbstfahrendes-dach\/\"]}]},{\"@type\":\"ImageObject\",\"inLanguage\":\"de\",\"@id\":\"https:\/\/marciorsrl.com\/de\/produkte\/selbstfahrendes-dach\/#primaryimage\",\"url\":\"https:\/\/marciorsrl.com\/wp-content\/uploads\/2020\/05\/Allestimento-tetto-traslante-per-centine-camion-e-veicoli-industriali.jpg\",\"contentUrl\":\"https:\/\/marciorsrl.com\/wp-content\/uploads\/2020\/05\/Allestimento-tetto-traslante-per-centine-camion-e-veicoli-industriali.jpg\",\"width\":1133,\"height\":631,\"caption\":\"Aufbau des schienengef\u00fchrten Dachs f\u00fcr Nutzfahzeugen und LKW\"},{\"@type\":\"BreadcrumbList\",\"@id\":\"https:\/\/marciorsrl.com\/de\/produkte\/selbstfahrendes-dach\/#breadcrumb\",\"itemListElement\":[{\"@type\":\"ListItem\",\"position\":1,\"name\":\"Home\",\"item\":\"https:\/\/marciorsrl.com\/de\/\"},{\"@type\":\"ListItem\",\"position\":2,\"name\":\"Produkte\",\"item\":\"https:\/\/marciorsrl.com\/de\/prodotti\/\"},{\"@type\":\"ListItem\",\"position\":3,\"name\":\"Schienengef\u00fchrtes Dach\"}]},{\"@type\":\"WebSite\",\"@id\":\"https:\/\/marciorsrl.com\/de\/#website\",\"url\":\"https:\/\/marciorsrl.com\/de\/\",\"name\":\"Marcior Srl\",\"description\":\"Carrozzeria industriale - Allestimenti camion e veicoli industriali\",\"publisher\":{\"@id\":\"https:\/\/marciorsrl.com\/de\/#organization\"},\"potentialAction\":[{\"@type\":\"SearchAction\",\"target\":{\"@type\":\"EntryPoint\",\"urlTemplate\":\"https:\/\/marciorsrl.com\/de\/?s={search_term_string}\"},\"query-input\":{\"@type\":\"PropertyValueSpecification\",\"valueRequired\":true,\"valueName\":\"search_term_string\"}}],\"inLanguage\":\"de\"},{\"@type\":\"Organization\",\"@id\":\"https:\/\/marciorsrl.com\/de\/#organization\",\"name\":\"Marcior S.r.l.\",\"url\":\"https:\/\/marciorsrl.com\/de\/\",\"logo\":{\"@type\":\"ImageObject\",\"inLanguage\":\"de\",\"@id\":\"https:\/\/marciorsrl.com\/de\/#\/schema\/logo\/image\/\",\"url\":\"https:\/\/marciorsrl.com\/wp-content\/uploads\/2018\/11\/marcior-google-my-business-logo.png\",\"contentUrl\":\"https:\/\/marciorsrl.com\/wp-content\/uploads\/2018\/11\/marcior-google-my-business-logo.png\",\"width\":500,\"height\":500,\"caption\":\"Marcior S.r.l.\"},\"image\":{\"@id\":\"https:\/\/marciorsrl.com\/de\/#\/schema\/logo\/image\/\"}}]}<\/script>\n<!-- \/ Yoast SEO plugin. -->","yoast_head_json":{"title":"Schienengef\u00fchrtes Dach f\u00fcr LKW- und Nutzfahzeugenshalterungen","description":"Fahrzeuge mit schienengef\u00fchrtem Dach f\u00fcr Halterungen von LKWs. Wir statten Kraftfahrzeuge, Lastkraftwagen und industrielle Absetztcontainer mit der XL-Zertifizierung aus","robots":{"index":"index","follow":"follow","max-snippet":"max-snippet:-1","max-image-preview":"max-image-preview:large","max-video-preview":"max-video-preview:-1"},"canonical":"https:\/\/marciorsrl.com\/de\/produkte\/selbstfahrendes-dach\/","og_locale":"de_DE","og_type":"article","og_title":"Schienengef\u00fchrtes Dach f\u00fcr LKW- und Nutzfahzeugenshalterungen","og_description":"Fahrzeuge mit schienengef\u00fchrtem Dach f\u00fcr Halterungen von LKWs. Wir statten Kraftfahrzeuge, Lastkraftwagen und industrielle Absetztcontainer mit der XL-Zertifizierung aus","og_url":"https:\/\/marciorsrl.com\/de\/produkte\/selbstfahrendes-dach\/","og_site_name":"Marcior Srl","article_modified_time":"2023-08-24T13:53:48+00:00","og_image":[{"width":1133,"height":631,"url":"https:\/\/marciorsrl.com\/wp-content\/uploads\/2020\/05\/Allestimento-tetto-traslante-per-centine-camion-e-veicoli-industriali.jpg","type":"image\/jpeg"}],"twitter_card":"summary_large_image","twitter_misc":{"Gesch\u00e4tzte Lesezeit":"1\u00a0Minute"},"schema":{"@context":"https:\/\/schema.org","@graph":[{"@type":"WebPage","@id":"https:\/\/marciorsrl.com\/de\/produkte\/selbstfahrendes-dach\/","url":"https:\/\/marciorsrl.com\/de\/produkte\/selbstfahrendes-dach\/","name":"Schienengef\u00fchrtes Dach f\u00fcr LKW- und Nutzfahzeugenshalterungen","isPartOf":{"@id":"https:\/\/marciorsrl.com\/de\/#website"},"primaryImageOfPage":{"@id":"https:\/\/marciorsrl.com\/de\/produkte\/selbstfahrendes-dach\/#primaryimage"},"image":{"@id":"https:\/\/marciorsrl.com\/de\/produkte\/selbstfahrendes-dach\/#primaryimage"},"thumbnailUrl":"https:\/\/marciorsrl.com\/wp-content\/uploads\/2020\/05\/Allestimento-tetto-traslante-per-centine-camion-e-veicoli-industriali.jpg","datePublished":"2020-07-16T11:08:48+00:00","dateModified":"2023-08-24T13:53:48+00:00","description":"Fahrzeuge mit schienengef\u00fchrtem Dach f\u00fcr Halterungen von LKWs. Wir statten Kraftfahrzeuge, Lastkraftwagen und industrielle Absetztcontainer mit der XL-Zertifizierung aus","breadcrumb":{"@id":"https:\/\/marciorsrl.com\/de\/produkte\/selbstfahrendes-dach\/#breadcrumb"},"inLanguage":"de","potentialAction":[{"@type":"ReadAction","target":["https:\/\/marciorsrl.com\/de\/produkte\/selbstfahrendes-dach\/"]}]},{"@type":"ImageObject","inLanguage":"de","@id":"https:\/\/marciorsrl.com\/de\/produkte\/selbstfahrendes-dach\/#primaryimage","url":"https:\/\/marciorsrl.com\/wp-content\/uploads\/2020\/05\/Allestimento-tetto-traslante-per-centine-camion-e-veicoli-industriali.jpg","contentUrl":"https:\/\/marciorsrl.com\/wp-content\/uploads\/2020\/05\/Allestimento-tetto-traslante-per-centine-camion-e-veicoli-industriali.jpg","width":1133,"height":631,"caption":"Aufbau des schienengef\u00fchrten Dachs f\u00fcr Nutzfahzeugen und LKW"},{"@type":"BreadcrumbList","@id":"https:\/\/marciorsrl.com\/de\/produkte\/selbstfahrendes-dach\/#breadcrumb","itemListElement":[{"@type":"ListItem","position":1,"name":"Home","item":"https:\/\/marciorsrl.com\/de\/"},{"@type":"ListItem","position":2,"name":"Produkte","item":"https:\/\/marciorsrl.com\/de\/prodotti\/"},{"@type":"ListItem","position":3,"name":"Schienengef\u00fchrtes Dach"}]},{"@type":"WebSite","@id":"https:\/\/marciorsrl.com\/de\/#website","url":"https:\/\/marciorsrl.com\/de\/","name":"Marcior Srl","description":"Carrozzeria industriale - Allestimenti camion e veicoli industriali","publisher":{"@id":"https:\/\/marciorsrl.com\/de\/#organization"},"potentialAction":[{"@type":"SearchAction","target":{"@type":"EntryPoint","urlTemplate":"https:\/\/marciorsrl.com\/de\/?s={search_term_string}"},"query-input":{"@type":"PropertyValueSpecification","valueRequired":true,"valueName":"search_term_string"}}],"inLanguage":"de"},{"@type":"Organization","@id":"https:\/\/marciorsrl.com\/de\/#organization","name":"Marcior S.r.l.","url":"https:\/\/marciorsrl.com\/de\/","logo":{"@type":"ImageObject","inLanguage":"de","@id":"https:\/\/marciorsrl.com\/de\/#\/schema\/logo\/image\/","url":"https:\/\/marciorsrl.com\/wp-content\/uploads\/2018\/11\/marcior-google-my-business-logo.png","contentUrl":"https:\/\/marciorsrl.com\/wp-content\/uploads\/2018\/11\/marcior-google-my-business-logo.png","width":500,"height":500,"caption":"Marcior S.r.l."},"image":{"@id":"https:\/\/marciorsrl.com\/de\/#\/schema\/logo\/image\/"}}]}},"_links":{"self":[{"href":"https:\/\/marciorsrl.com\/de\/wp-json\/wp\/v2\/pages\/1742","targetHints":{"allow":["GET"]}}],"collection":[{"href":"https:\/\/marciorsrl.com\/de\/wp-json\/wp\/v2\/pages"}],"about":[{"href":"https:\/\/marciorsrl.com\/de\/wp-json\/wp\/v2\/types\/page"}],"author":[{"embeddable":true,"href":"https:\/\/marciorsrl.com\/de\/wp-json\/wp\/v2\/users\/1"}],"replies":[{"embeddable":true,"href":"https:\/\/marciorsrl.com\/de\/wp-json\/wp\/v2\/comments?post=1742"}],"version-history":[{"count":0,"href":"https:\/\/marciorsrl.com\/de\/wp-json\/wp\/v2\/pages\/1742\/revisions"}],"up":[{"embeddable":true,"href":"https:\/\/marciorsrl.com\/de\/wp-json\/wp\/v2\/pages\/1709"}],"wp:featuredmedia":[{"embeddable":true,"href":"https:\/\/marciorsrl.com\/de\/wp-json\/wp\/v2\/media\/1618"}],"wp:attachment":[{"href":"https:\/\/marciorsrl.com\/de\/wp-json\/wp\/v2\/media?parent=1742"}],"curies":[{"name":"wp","href":"https:\/\/api.w.org\/{rel}","templated":true}]}}